{"id":201,"date":"2012-06-19T20:02:30","date_gmt":"2012-06-19T18:02:30","guid":{"rendered":"http:\/\/ge-eiserfeld.de\/?page_id=201"},"modified":"2025-11-03T13:43:12","modified_gmt":"2025-11-03T12:43:12","slug":"elternpflegschaft","status":"publish","type":"page","link":"https:\/\/www.gesamtschule-eiserfeld.de\/?page_id=201","title":{"rendered":"Schulpflegschaft"},"content":{"rendered":"<p><a href=\"https:\/\/www.gesamtschule-eiserfeld.de\/?attachment_id=18117\" rel=\"attachment wp-att-18117\"><img data-recalc-dims=\"1\" loading=\"lazy\" decoding=\"async\" data-attachment-id=\"18117\" data-permalink=\"https:\/\/www.gesamtschule-eiserfeld.de\/?attachment_id=18117\" data-orig-file=\"https:\/\/i0.wp.com\/www.gesamtschule-eiserfeld.de\/wp-content\/uploads\/2023\/10\/Katharina-Carlone-rotated.jpg?fit=900%2C1200&amp;ssl=1\" data-orig-size=\"900,1200\" data-comments-opened=\"0\" data-image-meta=\"{&quot;aperture&quot;:&quot;2.2&quot;,&quot;credit&quot;:&quot;&quot;,&quot;camera&quot;:&quot;SM-S906B&quot;,&quot;caption&quot;:&quot;&quot;,&quot;created_timestamp&quot;:&quot;1695925494&quot;,&quot;copyright&quot;:&quot;&quot;,&quot;focal_length&quot;:&quot;3.3&quot;,&quot;iso&quot;:&quot;250&quot;,&quot;shutter_speed&quot;:&quot;0.02&quot;,&quot;title&quot;:&quot;&quot;,&quot;orientation&quot;:&quot;1&quot;}\" data-image-title=\"Katharina Carlone\" data-image-description=\"\" data-image-caption=\"\" data-large-file=\"https:\/\/i0.wp.com\/www.gesamtschule-eiserfeld.de\/wp-content\/uploads\/2023\/10\/Katharina-Carlone-rotated.jpg?fit=474%2C632&amp;ssl=1\" class=\"alignleft wp-image-18117\" src=\"https:\/\/i0.wp.com\/www.gesamtschule-eiserfeld.de\/wp-content\/uploads\/2023\/10\/Katharina-Carlone.jpg?resize=135%2C180&#038;ssl=1\" alt=\"\" width=\"135\" height=\"180\" srcset=\"https:\/\/i0.wp.com\/www.gesamtschule-eiserfeld.de\/wp-content\/uploads\/2023\/10\/Katharina-Carlone-rotated.jpg?resize=225%2C300&amp;ssl=1 225w, https:\/\/i0.wp.com\/www.gesamtschule-eiserfeld.de\/wp-content\/uploads\/2023\/10\/Katharina-Carlone-rotated.jpg?resize=768%2C1024&amp;ssl=1 768w, https:\/\/i0.wp.com\/www.gesamtschule-eiserfeld.de\/wp-content\/uploads\/2023\/10\/Katharina-Carlone-rotated.jpg?resize=113%2C150&amp;ssl=1 113w, https:\/\/i0.wp.com\/www.gesamtschule-eiserfeld.de\/wp-content\/uploads\/2023\/10\/Katharina-Carlone-rotated.jpg?w=900&amp;ssl=1 900w\" sizes=\"auto, (max-width: 135px) 100vw, 135px\" \/><\/a>Katharina Carlone wurde erstmals in diesem Schuljahr 2023\/2024 als Schulpflegschaftsvorsitzende gew\u00e4hlt. Sie ist bereits seit der Grundschulzeit Ihres Sohnes in der Schulpflegschaft und auch in der Schulkonferenz aktiv. Beruflich ist sie Finanzbuchhalterin in der Automobilindustrie. Sie wohnt in Eisern und hat einen Sohn, welcher die 9. Klasse der Gesamtschule Eiserfeld besucht.<\/p>\n<p>&nbsp;<\/p>\n<p><img data-recalc-dims=\"1\" loading=\"lazy\" decoding=\"async\" data-attachment-id=\"20454\" data-permalink=\"https:\/\/www.gesamtschule-eiserfeld.de\/?attachment_id=20454\" data-orig-file=\"https:\/\/i0.wp.com\/www.gesamtschule-eiserfeld.de\/wp-content\/uploads\/2025\/11\/Connyprobst.jpg?fit=511%2C640&amp;ssl=1\" data-orig-size=\"511,640\" data-comments-opened=\"0\" data-image-meta=\"{&quot;aperture&quot;:&quot;0&quot;,&quot;credit&quot;:&quot;&quot;,&quot;camera&quot;:&quot;&quot;,&quot;caption&quot;:&quot;&quot;,&quot;created_timestamp&quot;:&quot;0&quot;,&quot;copyright&quot;:&quot;&quot;,&quot;focal_length&quot;:&quot;0&quot;,&quot;iso&quot;:&quot;0&quot;,&quot;shutter_speed&quot;:&quot;0&quot;,&quot;title&quot;:&quot;&quot;,&quot;orientation&quot;:&quot;1&quot;}\" data-image-title=\"Connyprobst\" data-image-description=\"\" data-image-caption=\"\" data-large-file=\"https:\/\/i0.wp.com\/www.gesamtschule-eiserfeld.de\/wp-content\/uploads\/2025\/11\/Connyprobst.jpg?fit=474%2C594&amp;ssl=1\" class=\"size-medium wp-image-20454 alignright\" src=\"https:\/\/i0.wp.com\/www.gesamtschule-eiserfeld.de\/wp-content\/uploads\/2025\/11\/Connyprobst.jpg?resize=240%2C300&#038;ssl=1\" alt=\"\" width=\"240\" height=\"300\" srcset=\"https:\/\/i0.wp.com\/www.gesamtschule-eiserfeld.de\/wp-content\/uploads\/2025\/11\/Connyprobst.jpg?resize=240%2C300&amp;ssl=1 240w, https:\/\/i0.wp.com\/www.gesamtschule-eiserfeld.de\/wp-content\/uploads\/2025\/11\/Connyprobst.jpg?resize=120%2C150&amp;ssl=1 120w, https:\/\/i0.wp.com\/www.gesamtschule-eiserfeld.de\/wp-content\/uploads\/2025\/11\/Connyprobst.jpg?w=511&amp;ssl=1 511w\" sizes=\"auto, (max-width: 240px) 100vw, 240px\" \/>Conny Probst ist beruflich als Vertriebsleiterin im Bereich\u00a0Mode\/Fashion t\u00e4tig. Ihr B\u00fcro befindet sich in D\u00fcsseldorf, von wo sie NRW- weit arbeitet.Seit vielen Jahren engagiert sie sich aktiv in der Elternpflegschaft der Schule. Sie wohnt mit Ihrer Familie in Obersdorf und hat einen Sohn, er besucht aktuell die EF (11.Klasse) und ist bereits seit der 5.Klasse an unserer Schule.<\/p>\n<p>&nbsp;<\/p>\n<p><a href=\"https:\/\/www.gesamtschule-eiserfeld.de\/?attachment_id=18116\" rel=\"attachment wp-att-18116\"><img data-recalc-dims=\"1\" loading=\"lazy\" decoding=\"async\" data-attachment-id=\"18116\" data-permalink=\"https:\/\/www.gesamtschule-eiserfeld.de\/?attachment_id=18116\" data-orig-file=\"https:\/\/i0.wp.com\/www.gesamtschule-eiserfeld.de\/wp-content\/uploads\/2023\/10\/Beate-Stirnberg.jpg?fit=293%2C378&amp;ssl=1\" data-orig-size=\"293,378\" data-comments-opened=\"0\" data-image-meta=\"{&quot;aperture&quot;:&quot;0&quot;,&quot;credit&quot;:&quot;&quot;,&quot;camera&quot;:&quot;&quot;,&quot;caption&quot;:&quot;&quot;,&quot;created_timestamp&quot;:&quot;0&quot;,&quot;copyright&quot;:&quot;&quot;,&quot;focal_length&quot;:&quot;0&quot;,&quot;iso&quot;:&quot;0&quot;,&quot;shutter_speed&quot;:&quot;0&quot;,&quot;title&quot;:&quot;&quot;,&quot;orientation&quot;:&quot;0&quot;}\" data-image-title=\"Beate Stirnberg\" data-image-description=\"\" data-image-caption=\"\" data-large-file=\"https:\/\/i0.wp.com\/www.gesamtschule-eiserfeld.de\/wp-content\/uploads\/2023\/10\/Beate-Stirnberg.jpg?fit=293%2C378&amp;ssl=1\" class=\"wp-image-18116 alignleft\" src=\"https:\/\/i0.wp.com\/www.gesamtschule-eiserfeld.de\/wp-content\/uploads\/2023\/10\/Beate-Stirnberg.jpg?resize=140%2C180&#038;ssl=1\" alt=\"\" width=\"140\" height=\"180\" srcset=\"https:\/\/i0.wp.com\/www.gesamtschule-eiserfeld.de\/wp-content\/uploads\/2023\/10\/Beate-Stirnberg.jpg?resize=233%2C300&amp;ssl=1 233w, https:\/\/i0.wp.com\/www.gesamtschule-eiserfeld.de\/wp-content\/uploads\/2023\/10\/Beate-Stirnberg.jpg?resize=116%2C150&amp;ssl=1 116w, https:\/\/i0.wp.com\/www.gesamtschule-eiserfeld.de\/wp-content\/uploads\/2023\/10\/Beate-Stirnberg.jpg?w=293&amp;ssl=1 293w\" sizes=\"auto, (max-width: 140px) 100vw, 140px\" \/><\/a>Beate Stirnberg ist als Diplom-Geographin im Bereich \u00d6PNV t\u00e4tig und bereits seit vielen Jahren in der Elternpflegschaft aktiv. Sie wohnt in Eiserfeld und hat zwei Kinder.Ihr Sohn besucht derzeit die 10. Klasse der Gesamtschule Eiserfeld und ihre Tochter hat im Schuljahr 2024\/2025 dort erfolgreich ihr Abitur absolviert.<\/p>\n<p>Unsere Aufgabe als Dreierteam ist es, die Interessen der Eltern gegen\u00fcber der Schule zu vertreten. Also liebe Eltern: Sprecht uns an! Wir sind f\u00fcr Anregungen dankbar und haben jederzeit ein offenes Ohr f\u00fcr Euch. Um \u00fcber aktuelle Themen, die uns als Eltern betreffen, zu informieren, werden wir regelm\u00e4\u00dfig einen kurzen Newsletter herausgeben.<\/p>\n<p>In n\u00e4chster Zeit stehen f\u00fcr uns an unserer Schule folgende Dinge im Fokus, wo wir der Schulleitung tatkr\u00e4ftig zu Seite stehen:<\/p>\n<ul>\n<li>Ma\u00dfnahmen zu Gewaltpr\u00e4vention<\/li>\n<li>F\u00f6rderungen der Medienkompetenz und Mediensicherheit der Sch\u00fcler (Vermeidung von Cybermobbing)<\/li>\n<li>Mitarbeit am Handy- und Tabletkonzept<\/li>\n<li>St\u00e4rkung der Elternarbeit an unserer Schule<\/li>\n<\/ul>\n<p>Au\u00dferdem unterst\u00fctzen wir, mit Hilfe von euch Eltern, die Schule bei der Anmeldung der neuen Sch\u00fcler der Klasse 5 und 11.<\/p>\n<p>Ihr erreicht uns unter:<\/p>\n<p><a href=\"mailto:sp-carlone@gesamtschule-eiserfeld.de\">sp-carlone@gesamtschule-eiserfeld.de<\/a><\/p>\n<p style=\"text-align: justify;\">\n","protected":false},"excerpt":{"rendered":"<p>Katharina Carlone wurde erstmals in diesem Schuljahr 2023\/2024 als Schulpflegschaftsvorsitzende gew\u00e4hlt. Sie ist bereits seit der Grundschulzeit Ihres Sohnes in der Schulpflegschaft und auch in der Schulkonferenz aktiv. Beruflich ist sie Finanzbuchhalterin in der Automobilindustrie. Sie wohnt in Eisern und hat einen Sohn, welcher die 9. Klasse der Gesamtschule Eiserfeld besucht. &nbsp; Conny Probst ist &hellip; <a href=\"https:\/\/www.gesamtschule-eiserfeld.de\/?page_id=201\" class=\"more-link\"><span class=\"screen-reader-text\">Schulpflegschaft<\/span> weiterlesen <span class=\"meta-nav\">&rarr;<\/span><\/a><\/p>\n","protected":false},"author":9,"featured_media":0,"parent":86,"menu_order":0,"comment_status":"closed","ping_status":"open","template":"","meta":{"jetpack_post_was_ever_published":false,"footnotes":""},"class_list":["post-201","page","type-page","status-publish","hentry"],"yoast_head":"<!-- This site is optimized with the Yoast SEO plugin v27.4 - https:\/\/yoast.com\/product\/yoast-seo-wordpress\/ -->\n<title>Schulpflegschaft - Gesamtschule Eiserfeld<\/title>\n<meta name=\"robots\" content=\"index, follow, max-snippet:-1, max-image-preview:large, max-video-preview:-1\" \/>\n<link rel=\"canonical\" href=\"https:\/\/www.gesamtschule-eiserfeld.de\/?page_id=201\" \/>\n<meta property=\"og:locale\" content=\"de_DE\" \/>\n<meta property=\"og:type\" content=\"article\" \/>\n<meta property=\"og:title\" content=\"Schulpflegschaft - Gesamtschule Eiserfeld\" \/>\n<meta property=\"og:description\" content=\"Katharina Carlone wurde erstmals in diesem Schuljahr 2023\/2024 als Schulpflegschaftsvorsitzende gew\u00e4hlt. Sie ist bereits seit der Grundschulzeit Ihres Sohnes in der Schulpflegschaft und auch in der Schulkonferenz aktiv. Beruflich ist sie Finanzbuchhalterin in der Automobilindustrie. Sie wohnt in Eisern und hat einen Sohn, welcher die 9. Klasse der Gesamtschule Eiserfeld besucht. &nbsp; Conny Probst ist &hellip; Schulpflegschaft weiterlesen &rarr;\" \/>\n<meta property=\"og:url\" content=\"https:\/\/www.gesamtschule-eiserfeld.de\/?page_id=201\" \/>\n<meta property=\"og:site_name\" content=\"Gesamtschule Eiserfeld\" \/>\n<meta property=\"article:publisher\" content=\"https:\/\/www.facebook.com\/GEEiserfeld\" \/>\n<meta property=\"article:modified_time\" content=\"2025-11-03T12:43:12+00:00\" \/>\n<meta property=\"og:image\" content=\"https:\/\/www.gesamtschule-eiserfeld.de\/wp-content\/uploads\/2023\/10\/Katharina-Carlone-225x300.jpg\" \/>\n<meta name=\"twitter:card\" content=\"summary_large_image\" \/>\n<meta name=\"twitter:label1\" content=\"Gesch\u00e4tzte Lesezeit\" \/>\n\t<meta name=\"twitter:data1\" content=\"3\u00a0Minuten\" \/>\n<script type=\"application\/ld+json\" class=\"yoast-schema-graph\">{\"@context\":\"https:\\\/\\\/schema.org\",\"@graph\":[{\"@type\":\"WebPage\",\"@id\":\"https:\\\/\\\/www.gesamtschule-eiserfeld.de\\\/?page_id=201\",\"url\":\"https:\\\/\\\/www.gesamtschule-eiserfeld.de\\\/?page_id=201\",\"name\":\"Schulpflegschaft - Gesamtschule Eiserfeld\",\"isPartOf\":{\"@id\":\"https:\\\/\\\/www.gesamtschule-eiserfeld.de\\\/#website\"},\"primaryImageOfPage\":{\"@id\":\"https:\\\/\\\/www.gesamtschule-eiserfeld.de\\\/?page_id=201#primaryimage\"},\"image\":{\"@id\":\"https:\\\/\\\/www.gesamtschule-eiserfeld.de\\\/?page_id=201#primaryimage\"},\"thumbnailUrl\":\"https:\\\/\\\/www.gesamtschule-eiserfeld.de\\\/wp-content\\\/uploads\\\/2023\\\/10\\\/Katharina-Carlone-225x300.jpg\",\"datePublished\":\"2012-06-19T18:02:30+00:00\",\"dateModified\":\"2025-11-03T12:43:12+00:00\",\"breadcrumb\":{\"@id\":\"https:\\\/\\\/www.gesamtschule-eiserfeld.de\\\/?page_id=201#breadcrumb\"},\"inLanguage\":\"de\",\"potentialAction\":[{\"@type\":\"ReadAction\",\"target\":[\"https:\\\/\\\/www.gesamtschule-eiserfeld.de\\\/?page_id=201\"]}]},{\"@type\":\"ImageObject\",\"inLanguage\":\"de\",\"@id\":\"https:\\\/\\\/www.gesamtschule-eiserfeld.de\\\/?page_id=201#primaryimage\",\"url\":\"https:\\\/\\\/www.gesamtschule-eiserfeld.de\\\/wp-content\\\/uploads\\\/2023\\\/10\\\/Katharina-Carlone-225x300.jpg\",\"contentUrl\":\"https:\\\/\\\/www.gesamtschule-eiserfeld.de\\\/wp-content\\\/uploads\\\/2023\\\/10\\\/Katharina-Carlone-225x300.jpg\"},{\"@type\":\"BreadcrumbList\",\"@id\":\"https:\\\/\\\/www.gesamtschule-eiserfeld.de\\\/?page_id=201#breadcrumb\",\"itemListElement\":[{\"@type\":\"ListItem\",\"position\":1,\"name\":\"Startseite\",\"item\":\"https:\\\/\\\/www.gesamtschule-eiserfeld.de\\\/\"},{\"@type\":\"ListItem\",\"position\":2,\"name\":\"Eltern\",\"item\":\"https:\\\/\\\/www.gesamtschule-eiserfeld.de\\\/?page_id=86\"},{\"@type\":\"ListItem\",\"position\":3,\"name\":\"Schulpflegschaft\"}]},{\"@type\":\"WebSite\",\"@id\":\"https:\\\/\\\/www.gesamtschule-eiserfeld.de\\\/#website\",\"url\":\"https:\\\/\\\/www.gesamtschule-eiserfeld.de\\\/\",\"name\":\"Gesamtschule Eiserfeld\",\"description\":\"\",\"publisher\":{\"@id\":\"https:\\\/\\\/www.gesamtschule-eiserfeld.de\\\/#organization\"},\"potentialAction\":[{\"@type\":\"SearchAction\",\"target\":{\"@type\":\"EntryPoint\",\"urlTemplate\":\"https:\\\/\\\/www.gesamtschule-eiserfeld.de\\\/?s={search_term_string}\"},\"query-input\":{\"@type\":\"PropertyValueSpecification\",\"valueRequired\":true,\"valueName\":\"search_term_string\"}}],\"inLanguage\":\"de\"},{\"@type\":\"Organization\",\"@id\":\"https:\\\/\\\/www.gesamtschule-eiserfeld.de\\\/#organization\",\"name\":\"Gesamtschule Eiserfeld\",\"url\":\"https:\\\/\\\/www.gesamtschule-eiserfeld.de\\\/\",\"logo\":{\"@type\":\"ImageObject\",\"inLanguage\":\"de\",\"@id\":\"https:\\\/\\\/www.gesamtschule-eiserfeld.de\\\/#\\\/schema\\\/logo\\\/image\\\/\",\"url\":\"https:\\\/\\\/i1.wp.com\\\/www.gesamtschule-eiserfeld.de\\\/wp-content\\\/uploads\\\/2019\\\/01\\\/GEE-Logo-neu.jpg?fit=436%2C126&ssl=1\",\"contentUrl\":\"https:\\\/\\\/i1.wp.com\\\/www.gesamtschule-eiserfeld.de\\\/wp-content\\\/uploads\\\/2019\\\/01\\\/GEE-Logo-neu.jpg?fit=436%2C126&ssl=1\",\"width\":436,\"height\":126,\"caption\":\"Gesamtschule Eiserfeld\"},\"image\":{\"@id\":\"https:\\\/\\\/www.gesamtschule-eiserfeld.de\\\/#\\\/schema\\\/logo\\\/image\\\/\"},\"sameAs\":[\"https:\\\/\\\/www.facebook.com\\\/GEEiserfeld\"]}]}<\/script>\n<!-- \/ Yoast SEO plugin. -->","yoast_head_json":{"title":"Schulpflegschaft - Gesamtschule Eiserfeld","robots":{"index":"index","follow":"follow","max-snippet":"max-snippet:-1","max-image-preview":"max-image-preview:large","max-video-preview":"max-video-preview:-1"},"canonical":"https:\/\/www.gesamtschule-eiserfeld.de\/?page_id=201","og_locale":"de_DE","og_type":"article","og_title":"Schulpflegschaft - Gesamtschule Eiserfeld","og_description":"Katharina Carlone wurde erstmals in diesem Schuljahr 2023\/2024 als Schulpflegschaftsvorsitzende gew\u00e4hlt. Sie ist bereits seit der Grundschulzeit Ihres Sohnes in der Schulpflegschaft und auch in der Schulkonferenz aktiv. Beruflich ist sie Finanzbuchhalterin in der Automobilindustrie. Sie wohnt in Eisern und hat einen Sohn, welcher die 9. Klasse der Gesamtschule Eiserfeld besucht. &nbsp; Conny Probst ist &hellip; Schulpflegschaft weiterlesen &rarr;","og_url":"https:\/\/www.gesamtschule-eiserfeld.de\/?page_id=201","og_site_name":"Gesamtschule Eiserfeld","article_publisher":"https:\/\/www.facebook.com\/GEEiserfeld","article_modified_time":"2025-11-03T12:43:12+00:00","og_image":[{"url":"https:\/\/www.gesamtschule-eiserfeld.de\/wp-content\/uploads\/2023\/10\/Katharina-Carlone-225x300.jpg","type":"","width":"","height":""}],"twitter_card":"summary_large_image","twitter_misc":{"Gesch\u00e4tzte Lesezeit":"3\u00a0Minuten"},"schema":{"@context":"https:\/\/schema.org","@graph":[{"@type":"WebPage","@id":"https:\/\/www.gesamtschule-eiserfeld.de\/?page_id=201","url":"https:\/\/www.gesamtschule-eiserfeld.de\/?page_id=201","name":"Schulpflegschaft - Gesamtschule Eiserfeld","isPartOf":{"@id":"https:\/\/www.gesamtschule-eiserfeld.de\/#website"},"primaryImageOfPage":{"@id":"https:\/\/www.gesamtschule-eiserfeld.de\/?page_id=201#primaryimage"},"image":{"@id":"https:\/\/www.gesamtschule-eiserfeld.de\/?page_id=201#primaryimage"},"thumbnailUrl":"https:\/\/www.gesamtschule-eiserfeld.de\/wp-content\/uploads\/2023\/10\/Katharina-Carlone-225x300.jpg","datePublished":"2012-06-19T18:02:30+00:00","dateModified":"2025-11-03T12:43:12+00:00","breadcrumb":{"@id":"https:\/\/www.gesamtschule-eiserfeld.de\/?page_id=201#breadcrumb"},"inLanguage":"de","potentialAction":[{"@type":"ReadAction","target":["https:\/\/www.gesamtschule-eiserfeld.de\/?page_id=201"]}]},{"@type":"ImageObject","inLanguage":"de","@id":"https:\/\/www.gesamtschule-eiserfeld.de\/?page_id=201#primaryimage","url":"https:\/\/www.gesamtschule-eiserfeld.de\/wp-content\/uploads\/2023\/10\/Katharina-Carlone-225x300.jpg","contentUrl":"https:\/\/www.gesamtschule-eiserfeld.de\/wp-content\/uploads\/2023\/10\/Katharina-Carlone-225x300.jpg"},{"@type":"BreadcrumbList","@id":"https:\/\/www.gesamtschule-eiserfeld.de\/?page_id=201#breadcrumb","itemListElement":[{"@type":"ListItem","position":1,"name":"Startseite","item":"https:\/\/www.gesamtschule-eiserfeld.de\/"},{"@type":"ListItem","position":2,"name":"Eltern","item":"https:\/\/www.gesamtschule-eiserfeld.de\/?page_id=86"},{"@type":"ListItem","position":3,"name":"Schulpflegschaft"}]},{"@type":"WebSite","@id":"https:\/\/www.gesamtschule-eiserfeld.de\/#website","url":"https:\/\/www.gesamtschule-eiserfeld.de\/","name":"Gesamtschule Eiserfeld","description":"","publisher":{"@id":"https:\/\/www.gesamtschule-eiserfeld.de\/#organization"},"potentialAction":[{"@type":"SearchAction","target":{"@type":"EntryPoint","urlTemplate":"https:\/\/www.gesamtschule-eiserfeld.de\/?s={search_term_string}"},"query-input":{"@type":"PropertyValueSpecification","valueRequired":true,"valueName":"search_term_string"}}],"inLanguage":"de"},{"@type":"Organization","@id":"https:\/\/www.gesamtschule-eiserfeld.de\/#organization","name":"Gesamtschule Eiserfeld","url":"https:\/\/www.gesamtschule-eiserfeld.de\/","logo":{"@type":"ImageObject","inLanguage":"de","@id":"https:\/\/www.gesamtschule-eiserfeld.de\/#\/schema\/logo\/image\/","url":"https:\/\/i1.wp.com\/www.gesamtschule-eiserfeld.de\/wp-content\/uploads\/2019\/01\/GEE-Logo-neu.jpg?fit=436%2C126&ssl=1","contentUrl":"https:\/\/i1.wp.com\/www.gesamtschule-eiserfeld.de\/wp-content\/uploads\/2019\/01\/GEE-Logo-neu.jpg?fit=436%2C126&ssl=1","width":436,"height":126,"caption":"Gesamtschule Eiserfeld"},"image":{"@id":"https:\/\/www.gesamtschule-eiserfeld.de\/#\/schema\/logo\/image\/"},"sameAs":["https:\/\/www.facebook.com\/GEEiserfeld"]}]}},"jetpack_shortlink":"https:\/\/wp.me\/P2weeL-3f","jetpack_sharing_enabled":true,"_links":{"self":[{"href":"https:\/\/www.gesamtschule-eiserfeld.de\/index.php?rest_route=\/wp\/v2\/pages\/201","targetHints":{"allow":["GET"]}}],"collection":[{"href":"https:\/\/www.gesamtschule-eiserfeld.de\/index.php?rest_route=\/wp\/v2\/pages"}],"about":[{"href":"https:\/\/www.gesamtschule-eiserfeld.de\/index.php?rest_route=\/wp\/v2\/types\/page"}],"author":[{"embeddable":true,"href":"https:\/\/www.gesamtschule-eiserfeld.de\/index.php?rest_route=\/wp\/v2\/users\/9"}],"replies":[{"embeddable":true,"href":"https:\/\/www.gesamtschule-eiserfeld.de\/index.php?rest_route=%2Fwp%2Fv2%2Fcomments&post=201"}],"version-history":[{"count":5,"href":"https:\/\/www.gesamtschule-eiserfeld.de\/index.php?rest_route=\/wp\/v2\/pages\/201\/revisions"}],"predecessor-version":[{"id":20462,"href":"https:\/\/www.gesamtschule-eiserfeld.de\/index.php?rest_route=\/wp\/v2\/pages\/201\/revisions\/20462"}],"up":[{"embeddable":true,"href":"https:\/\/www.gesamtschule-eiserfeld.de\/index.php?rest_route=\/wp\/v2\/pages\/86"}],"wp:attachment":[{"href":"https:\/\/www.gesamtschule-eiserfeld.de\/index.php?rest_route=%2Fwp%2Fv2%2Fmedia&parent=201"}],"curies":[{"name":"wp","href":"https:\/\/api.w.org\/{rel}","templated":true}]}}