{"id":3007,"date":"2013-09-13T16:50:40","date_gmt":"2013-09-13T15:50:40","guid":{"rendered":"http:\/\/ge-eiserfeld.de\/?page_id=3007"},"modified":"2024-12-05T11:54:12","modified_gmt":"2024-12-05T10:54:12","slug":"franzsisch","status":"publish","type":"page","link":"https:\/\/www.gesamtschule-eiserfeld.de\/?page_id=3007","title":{"rendered":"Franz&ouml;sisch"},"content":{"rendered":"<p style=\"text-align: justify;\" align=\"justify\"><b><\/b><strong>C\u2019est cool, le fran\u00e7ais!<img data-recalc-dims=\"1\" loading=\"lazy\" decoding=\"async\" data-attachment-id=\"13765\" data-permalink=\"https:\/\/www.gesamtschule-eiserfeld.de\/?attachment_id=13765\" data-orig-file=\"https:\/\/i0.wp.com\/www.gesamtschule-eiserfeld.de\/wp-content\/uploads\/2020\/04\/Paris-Juli-2012-069.jpg?fit=566%2C768&amp;ssl=1\" data-orig-size=\"566,768\" data-comments-opened=\"0\" data-image-meta=\"{&quot;aperture&quot;:&quot;0&quot;,&quot;credit&quot;:&quot;&quot;,&quot;camera&quot;:&quot;&quot;,&quot;caption&quot;:&quot;&quot;,&quot;created_timestamp&quot;:&quot;0&quot;,&quot;copyright&quot;:&quot;&quot;,&quot;focal_length&quot;:&quot;0&quot;,&quot;iso&quot;:&quot;0&quot;,&quot;shutter_speed&quot;:&quot;0&quot;,&quot;title&quot;:&quot;&quot;,&quot;orientation&quot;:&quot;0&quot;}\" data-image-title=\"Paris-Juli-2012-069\" data-image-description=\"\" data-image-caption=\"\" data-large-file=\"https:\/\/i0.wp.com\/www.gesamtschule-eiserfeld.de\/wp-content\/uploads\/2020\/04\/Paris-Juli-2012-069.jpg?fit=474%2C643&amp;ssl=1\" class=\" wp-image-13765 alignright\" src=\"https:\/\/i0.wp.com\/www.gesamtschule-eiserfeld.de\/wp-content\/uploads\/2020\/04\/Paris-Juli-2012-069.jpg?resize=227%2C308&#038;ssl=1\" alt=\"\" width=\"227\" height=\"308\" srcset=\"https:\/\/i0.wp.com\/www.gesamtschule-eiserfeld.de\/wp-content\/uploads\/2020\/04\/Paris-Juli-2012-069.jpg?resize=221%2C300&amp;ssl=1 221w, https:\/\/i0.wp.com\/www.gesamtschule-eiserfeld.de\/wp-content\/uploads\/2020\/04\/Paris-Juli-2012-069.jpg?resize=111%2C150&amp;ssl=1 111w, https:\/\/i0.wp.com\/www.gesamtschule-eiserfeld.de\/wp-content\/uploads\/2020\/04\/Paris-Juli-2012-069.jpg?w=566&amp;ssl=1 566w\" sizes=\"auto, (max-width: 227px) 100vw, 227px\" \/><\/strong><\/p>\n<p style=\"text-align: justify;\">Franz\u00f6sisch ist nicht nur eine sch\u00f6ne und klangvolle \u2013 sondern auch eine n\u00fctzliche und wichtige Sprache:<\/p>\n<ul style=\"text-align: justify;\">\n<li style=\"text-align: left;\">Sie ist zentrales Kommunikationsmittel in 52 L\u00e4ndern<\/li>\n<li style=\"text-align: left;\">Es ist die zweitst\u00e4rkste Fremdsprache und neben dem Englischen die einzige Sprache, die weltweit auf allen f\u00fcnf Kontinenten als Fremdsprache gelehrt wird<\/li>\n<li style=\"text-align: left;\">Franz\u00f6sisch ist die Br\u00fcckensprache f\u00fcr Italienisch, Spanisch und Portugiesisch und erm\u00f6glicht einen Zugang zu einer Sprachengemeinschaft mit fast einer Milliarde Menschen<\/li>\n<li style=\"text-align: left;\">Es ist die Sprache unserer Nachbarn- Belgien, Luxemburg und Frankreich liegen gleich um die Ecke!<\/li>\n<li style=\"text-align: left;\">Franz\u00f6sisch ist zugleich Arbeits- und Amtssprache in der UNO, der Europ\u00e4ischen Union, der UNESCO, der NATO, im Internationalen Olympischen Komitee etc. sowie die Sprache der St\u00e4dte Luxemburg, Stra\u00dfburg und Br\u00fcssel, wo europ\u00e4ische Institutionen ihren Sitz haben<\/li>\n<li style=\"text-align: left;\">Franz\u00f6sisch verbessert die Berufschancen nicht nur in Studieng\u00e4ngen, sondern auch in Ausbildungsberufen in der Gastronomie, Tourismus Handwerk und Handel.<\/li>\n<\/ul>\n<p style=\"text-align: justify;\">Und last but not least:<\/p>\n<p style=\"text-align: justify;\">Franz\u00f6sischlernen ist gar nicht so schwer, weil sich rund ein Drittel des Wortschatzes aus dem Deutschen und Englischen ableiten l\u00e4sst und die Vermittlung kommunikativer Kompetenzen im Mittelpunkt des Unterrichtes stehen.<\/p>\n<p style=\"text-align: justify;\">Wir, die Fachschaft Franz\u00f6sisch, bieten Euch die M\u00f6glichkeit, die franz\u00f6sische Sprache aber auch Frankreich und andere frankophone L\u00e4nder ab der 7. Klasse gemeinsam mit uns zu entdecken. \u00a0In Jahrgangsstufe 7\/8 findet die traditionelle Tagesexkursion nach <strong>L\u00fcttich (Li\u00e8ge)<\/strong> statt und in den Jahrgangsstufen 9\/10 wird eine mehrt\u00e4gige Angebotsfahrt nach <strong>Paris<\/strong> durchgef\u00fchrt. Im Franz\u00f6sischunterricht tauchen wir ein in die frankophone Alltagswelt \u2013 erkl\u00e4ren das Klassenzimmer Schritt f\u00fcr Schritt zu franz\u00f6sischsprachigem Terrain, lernen die Kultur unseres Nachbarlandes besser kennen, spielen Alltagsszenen nach, singen Lieder, probieren franz\u00f6sische Spezialit\u00e4ten, erfahren mehr \u00fcber franz\u00f6sische Jugendliche und ihr Leben.<\/p>\n<p style=\"text-align: justify;\">Wir freuen uns auf Euch und sagen <strong>\u00e0 bient\u00f4t!<\/strong><\/p>\n<p style=\"text-align: justify;\"><em>Petra D\u00f6hler, Christina Feldheim, Mareike Graf, Christina Wurm, Ute Mehren <\/em><em>und Judith Z\u00f6ller<\/em><\/p>\n<p align=\"justify\">\n","protected":false},"excerpt":{"rendered":"<p>C\u2019est cool, le fran\u00e7ais! Franz\u00f6sisch ist nicht nur eine sch\u00f6ne und klangvolle \u2013 sondern auch eine n\u00fctzliche und wichtige Sprache: Sie ist zentrales Kommunikationsmittel in 52 L\u00e4ndern Es ist die zweitst\u00e4rkste Fremdsprache und neben dem Englischen die einzige Sprache, die weltweit auf allen f\u00fcnf Kontinenten als Fremdsprache gelehrt wird Franz\u00f6sisch ist die Br\u00fcckensprache f\u00fcr Italienisch, &hellip; <a href=\"https:\/\/www.gesamtschule-eiserfeld.de\/?page_id=3007\" class=\"more-link\"><span class=\"screen-reader-text\">Franz&ouml;sisch<\/span> weiterlesen <span class=\"meta-nav\">&rarr;<\/span><\/a><\/p>\n","protected":false},"author":9,"featured_media":19477,"parent":302,"menu_order":0,"comment_status":"closed","ping_status":"open","template":"","meta":{"jetpack_post_was_ever_published":false,"footnotes":""},"class_list":["post-3007","page","type-page","status-publish","has-post-thumbnail","hentry"],"yoast_head":"<!-- This site is optimized with the Yoast SEO plugin v27.4 - https:\/\/yoast.com\/product\/yoast-seo-wordpress\/ -->\n<title>Franz&ouml;sisch - Gesamtschule Eiserfeld<\/title>\n<meta name=\"robots\" content=\"index, follow, max-snippet:-1, max-image-preview:large, max-video-preview:-1\" \/>\n<link rel=\"canonical\" href=\"https:\/\/www.gesamtschule-eiserfeld.de\/?page_id=3007\" \/>\n<meta property=\"og:locale\" content=\"de_DE\" \/>\n<meta property=\"og:type\" content=\"article\" \/>\n<meta property=\"og:title\" content=\"Franz&ouml;sisch - Gesamtschule Eiserfeld\" \/>\n<meta property=\"og:description\" content=\"C\u2019est cool, le fran\u00e7ais! Franz\u00f6sisch ist nicht nur eine sch\u00f6ne und klangvolle \u2013 sondern auch eine n\u00fctzliche und wichtige Sprache: Sie ist zentrales Kommunikationsmittel in 52 L\u00e4ndern Es ist die zweitst\u00e4rkste Fremdsprache und neben dem Englischen die einzige Sprache, die weltweit auf allen f\u00fcnf Kontinenten als Fremdsprache gelehrt wird Franz\u00f6sisch ist die Br\u00fcckensprache f\u00fcr Italienisch, &hellip; Franz&ouml;sisch weiterlesen &rarr;\" \/>\n<meta property=\"og:url\" content=\"https:\/\/www.gesamtschule-eiserfeld.de\/?page_id=3007\" \/>\n<meta property=\"og:site_name\" content=\"Gesamtschule Eiserfeld\" \/>\n<meta property=\"article:publisher\" content=\"https:\/\/www.facebook.com\/GEEiserfeld\" \/>\n<meta property=\"article:modified_time\" content=\"2024-12-05T10:54:12+00:00\" \/>\n<meta property=\"og:image\" content=\"https:\/\/www.gesamtschule-eiserfeld.de\/wp-content\/uploads\/2024\/12\/headerfranzoesisch.jpg\" \/>\n\t<meta property=\"og:image:width\" content=\"610\" \/>\n\t<meta property=\"og:image:height\" content=\"364\" \/>\n\t<meta property=\"og:image:type\" content=\"image\/jpeg\" \/>\n<meta name=\"twitter:card\" content=\"summary_large_image\" \/>\n<meta name=\"twitter:label1\" content=\"Gesch\u00e4tzte Lesezeit\" \/>\n\t<meta name=\"twitter:data1\" content=\"3\u00a0Minuten\" \/>\n<script type=\"application\/ld+json\" class=\"yoast-schema-graph\">{\"@context\":\"https:\\\/\\\/schema.org\",\"@graph\":[{\"@type\":\"WebPage\",\"@id\":\"https:\\\/\\\/www.gesamtschule-eiserfeld.de\\\/?page_id=3007\",\"url\":\"https:\\\/\\\/www.gesamtschule-eiserfeld.de\\\/?page_id=3007\",\"name\":\"Franz&ouml;sisch - Gesamtschule Eiserfeld\",\"isPartOf\":{\"@id\":\"https:\\\/\\\/www.gesamtschule-eiserfeld.de\\\/#website\"},\"primaryImageOfPage\":{\"@id\":\"https:\\\/\\\/www.gesamtschule-eiserfeld.de\\\/?page_id=3007#primaryimage\"},\"image\":{\"@id\":\"https:\\\/\\\/www.gesamtschule-eiserfeld.de\\\/?page_id=3007#primaryimage\"},\"thumbnailUrl\":\"https:\\\/\\\/i0.wp.com\\\/www.gesamtschule-eiserfeld.de\\\/wp-content\\\/uploads\\\/2024\\\/12\\\/headerfranzoesisch.jpg?fit=610%2C364&ssl=1\",\"datePublished\":\"2013-09-13T15:50:40+00:00\",\"dateModified\":\"2024-12-05T10:54:12+00:00\",\"breadcrumb\":{\"@id\":\"https:\\\/\\\/www.gesamtschule-eiserfeld.de\\\/?page_id=3007#breadcrumb\"},\"inLanguage\":\"de\",\"potentialAction\":[{\"@type\":\"ReadAction\",\"target\":[\"https:\\\/\\\/www.gesamtschule-eiserfeld.de\\\/?page_id=3007\"]}]},{\"@type\":\"ImageObject\",\"inLanguage\":\"de\",\"@id\":\"https:\\\/\\\/www.gesamtschule-eiserfeld.de\\\/?page_id=3007#primaryimage\",\"url\":\"https:\\\/\\\/i0.wp.com\\\/www.gesamtschule-eiserfeld.de\\\/wp-content\\\/uploads\\\/2024\\\/12\\\/headerfranzoesisch.jpg?fit=610%2C364&ssl=1\",\"contentUrl\":\"https:\\\/\\\/i0.wp.com\\\/www.gesamtschule-eiserfeld.de\\\/wp-content\\\/uploads\\\/2024\\\/12\\\/headerfranzoesisch.jpg?fit=610%2C364&ssl=1\",\"width\":610,\"height\":364},{\"@type\":\"BreadcrumbList\",\"@id\":\"https:\\\/\\\/www.gesamtschule-eiserfeld.de\\\/?page_id=3007#breadcrumb\",\"itemListElement\":[{\"@type\":\"ListItem\",\"position\":1,\"name\":\"Startseite\",\"item\":\"https:\\\/\\\/www.gesamtschule-eiserfeld.de\\\/\"},{\"@type\":\"ListItem\",\"position\":2,\"name\":\"Unterricht\",\"item\":\"https:\\\/\\\/www.gesamtschule-eiserfeld.de\\\/?page_id=74\"},{\"@type\":\"ListItem\",\"position\":3,\"name\":\"F\u00e4cher\",\"item\":\"https:\\\/\\\/www.gesamtschule-eiserfeld.de\\\/?page_id=302\"},{\"@type\":\"ListItem\",\"position\":4,\"name\":\"Franz&ouml;sisch\"}]},{\"@type\":\"WebSite\",\"@id\":\"https:\\\/\\\/www.gesamtschule-eiserfeld.de\\\/#website\",\"url\":\"https:\\\/\\\/www.gesamtschule-eiserfeld.de\\\/\",\"name\":\"Gesamtschule Eiserfeld\",\"description\":\"\",\"publisher\":{\"@id\":\"https:\\\/\\\/www.gesamtschule-eiserfeld.de\\\/#organization\"},\"potentialAction\":[{\"@type\":\"SearchAction\",\"target\":{\"@type\":\"EntryPoint\",\"urlTemplate\":\"https:\\\/\\\/www.gesamtschule-eiserfeld.de\\\/?s={search_term_string}\"},\"query-input\":{\"@type\":\"PropertyValueSpecification\",\"valueRequired\":true,\"valueName\":\"search_term_string\"}}],\"inLanguage\":\"de\"},{\"@type\":\"Organization\",\"@id\":\"https:\\\/\\\/www.gesamtschule-eiserfeld.de\\\/#organization\",\"name\":\"Gesamtschule Eiserfeld\",\"url\":\"https:\\\/\\\/www.gesamtschule-eiserfeld.de\\\/\",\"logo\":{\"@type\":\"ImageObject\",\"inLanguage\":\"de\",\"@id\":\"https:\\\/\\\/www.gesamtschule-eiserfeld.de\\\/#\\\/schema\\\/logo\\\/image\\\/\",\"url\":\"https:\\\/\\\/i1.wp.com\\\/www.gesamtschule-eiserfeld.de\\\/wp-content\\\/uploads\\\/2019\\\/01\\\/GEE-Logo-neu.jpg?fit=436%2C126&ssl=1\",\"contentUrl\":\"https:\\\/\\\/i1.wp.com\\\/www.gesamtschule-eiserfeld.de\\\/wp-content\\\/uploads\\\/2019\\\/01\\\/GEE-Logo-neu.jpg?fit=436%2C126&ssl=1\",\"width\":436,\"height\":126,\"caption\":\"Gesamtschule Eiserfeld\"},\"image\":{\"@id\":\"https:\\\/\\\/www.gesamtschule-eiserfeld.de\\\/#\\\/schema\\\/logo\\\/image\\\/\"},\"sameAs\":[\"https:\\\/\\\/www.facebook.com\\\/GEEiserfeld\"]}]}<\/script>\n<!-- \/ Yoast SEO plugin. -->","yoast_head_json":{"title":"Franz&ouml;sisch - Gesamtschule Eiserfeld","robots":{"index":"index","follow":"follow","max-snippet":"max-snippet:-1","max-image-preview":"max-image-preview:large","max-video-preview":"max-video-preview:-1"},"canonical":"https:\/\/www.gesamtschule-eiserfeld.de\/?page_id=3007","og_locale":"de_DE","og_type":"article","og_title":"Franz&ouml;sisch - Gesamtschule Eiserfeld","og_description":"C\u2019est cool, le fran\u00e7ais! Franz\u00f6sisch ist nicht nur eine sch\u00f6ne und klangvolle \u2013 sondern auch eine n\u00fctzliche und wichtige Sprache: Sie ist zentrales Kommunikationsmittel in 52 L\u00e4ndern Es ist die zweitst\u00e4rkste Fremdsprache und neben dem Englischen die einzige Sprache, die weltweit auf allen f\u00fcnf Kontinenten als Fremdsprache gelehrt wird Franz\u00f6sisch ist die Br\u00fcckensprache f\u00fcr Italienisch, &hellip; Franz&ouml;sisch weiterlesen &rarr;","og_url":"https:\/\/www.gesamtschule-eiserfeld.de\/?page_id=3007","og_site_name":"Gesamtschule Eiserfeld","article_publisher":"https:\/\/www.facebook.com\/GEEiserfeld","article_modified_time":"2024-12-05T10:54:12+00:00","og_image":[{"width":610,"height":364,"url":"https:\/\/www.gesamtschule-eiserfeld.de\/wp-content\/uploads\/2024\/12\/headerfranzoesisch.jpg","type":"image\/jpeg"}],"twitter_card":"summary_large_image","twitter_misc":{"Gesch\u00e4tzte Lesezeit":"3\u00a0Minuten"},"schema":{"@context":"https:\/\/schema.org","@graph":[{"@type":"WebPage","@id":"https:\/\/www.gesamtschule-eiserfeld.de\/?page_id=3007","url":"https:\/\/www.gesamtschule-eiserfeld.de\/?page_id=3007","name":"Franz&ouml;sisch - Gesamtschule Eiserfeld","isPartOf":{"@id":"https:\/\/www.gesamtschule-eiserfeld.de\/#website"},"primaryImageOfPage":{"@id":"https:\/\/www.gesamtschule-eiserfeld.de\/?page_id=3007#primaryimage"},"image":{"@id":"https:\/\/www.gesamtschule-eiserfeld.de\/?page_id=3007#primaryimage"},"thumbnailUrl":"https:\/\/i0.wp.com\/www.gesamtschule-eiserfeld.de\/wp-content\/uploads\/2024\/12\/headerfranzoesisch.jpg?fit=610%2C364&ssl=1","datePublished":"2013-09-13T15:50:40+00:00","dateModified":"2024-12-05T10:54:12+00:00","breadcrumb":{"@id":"https:\/\/www.gesamtschule-eiserfeld.de\/?page_id=3007#breadcrumb"},"inLanguage":"de","potentialAction":[{"@type":"ReadAction","target":["https:\/\/www.gesamtschule-eiserfeld.de\/?page_id=3007"]}]},{"@type":"ImageObject","inLanguage":"de","@id":"https:\/\/www.gesamtschule-eiserfeld.de\/?page_id=3007#primaryimage","url":"https:\/\/i0.wp.com\/www.gesamtschule-eiserfeld.de\/wp-content\/uploads\/2024\/12\/headerfranzoesisch.jpg?fit=610%2C364&ssl=1","contentUrl":"https:\/\/i0.wp.com\/www.gesamtschule-eiserfeld.de\/wp-content\/uploads\/2024\/12\/headerfranzoesisch.jpg?fit=610%2C364&ssl=1","width":610,"height":364},{"@type":"BreadcrumbList","@id":"https:\/\/www.gesamtschule-eiserfeld.de\/?page_id=3007#breadcrumb","itemListElement":[{"@type":"ListItem","position":1,"name":"Startseite","item":"https:\/\/www.gesamtschule-eiserfeld.de\/"},{"@type":"ListItem","position":2,"name":"Unterricht","item":"https:\/\/www.gesamtschule-eiserfeld.de\/?page_id=74"},{"@type":"ListItem","position":3,"name":"F\u00e4cher","item":"https:\/\/www.gesamtschule-eiserfeld.de\/?page_id=302"},{"@type":"ListItem","position":4,"name":"Franz&ouml;sisch"}]},{"@type":"WebSite","@id":"https:\/\/www.gesamtschule-eiserfeld.de\/#website","url":"https:\/\/www.gesamtschule-eiserfeld.de\/","name":"Gesamtschule Eiserfeld","description":"","publisher":{"@id":"https:\/\/www.gesamtschule-eiserfeld.de\/#organization"},"potentialAction":[{"@type":"SearchAction","target":{"@type":"EntryPoint","urlTemplate":"https:\/\/www.gesamtschule-eiserfeld.de\/?s={search_term_string}"},"query-input":{"@type":"PropertyValueSpecification","valueRequired":true,"valueName":"search_term_string"}}],"inLanguage":"de"},{"@type":"Organization","@id":"https:\/\/www.gesamtschule-eiserfeld.de\/#organization","name":"Gesamtschule Eiserfeld","url":"https:\/\/www.gesamtschule-eiserfeld.de\/","logo":{"@type":"ImageObject","inLanguage":"de","@id":"https:\/\/www.gesamtschule-eiserfeld.de\/#\/schema\/logo\/image\/","url":"https:\/\/i1.wp.com\/www.gesamtschule-eiserfeld.de\/wp-content\/uploads\/2019\/01\/GEE-Logo-neu.jpg?fit=436%2C126&ssl=1","contentUrl":"https:\/\/i1.wp.com\/www.gesamtschule-eiserfeld.de\/wp-content\/uploads\/2019\/01\/GEE-Logo-neu.jpg?fit=436%2C126&ssl=1","width":436,"height":126,"caption":"Gesamtschule Eiserfeld"},"image":{"@id":"https:\/\/www.gesamtschule-eiserfeld.de\/#\/schema\/logo\/image\/"},"sameAs":["https:\/\/www.facebook.com\/GEEiserfeld"]}]}},"jetpack_shortlink":"https:\/\/wp.me\/P2weeL-Mv","jetpack_sharing_enabled":true,"_links":{"self":[{"href":"https:\/\/www.gesamtschule-eiserfeld.de\/index.php?rest_route=\/wp\/v2\/pages\/3007","targetHints":{"allow":["GET"]}}],"collection":[{"href":"https:\/\/www.gesamtschule-eiserfeld.de\/index.php?rest_route=\/wp\/v2\/pages"}],"about":[{"href":"https:\/\/www.gesamtschule-eiserfeld.de\/index.php?rest_route=\/wp\/v2\/types\/page"}],"author":[{"embeddable":true,"href":"https:\/\/www.gesamtschule-eiserfeld.de\/index.php?rest_route=\/wp\/v2\/users\/9"}],"replies":[{"embeddable":true,"href":"https:\/\/www.gesamtschule-eiserfeld.de\/index.php?rest_route=%2Fwp%2Fv2%2Fcomments&post=3007"}],"version-history":[{"count":1,"href":"https:\/\/www.gesamtschule-eiserfeld.de\/index.php?rest_route=\/wp\/v2\/pages\/3007\/revisions"}],"predecessor-version":[{"id":19479,"href":"https:\/\/www.gesamtschule-eiserfeld.de\/index.php?rest_route=\/wp\/v2\/pages\/3007\/revisions\/19479"}],"up":[{"embeddable":true,"href":"https:\/\/www.gesamtschule-eiserfeld.de\/index.php?rest_route=\/wp\/v2\/pages\/302"}],"wp:featuredmedia":[{"embeddable":true,"href":"https:\/\/www.gesamtschule-eiserfeld.de\/index.php?rest_route=\/wp\/v2\/media\/19477"}],"wp:attachment":[{"href":"https:\/\/www.gesamtschule-eiserfeld.de\/index.php?rest_route=%2Fwp%2Fv2%2Fmedia&parent=3007"}],"curies":[{"name":"wp","href":"https:\/\/api.w.org\/{rel}","templated":true}]}}